{"id":2318,"date":"2025-10-21T15:18:56","date_gmt":"2025-10-21T13:18:56","guid":{"rendered":"https:\/\/osloguide.no\/?page_id=2318"},"modified":"2025-10-29T09:42:59","modified_gmt":"2025-10-29T08:42:59","slug":"city-of-peace","status":"publish","type":"page","link":"https:\/\/osloguide.no\/es\/byvandring\/city-of-peace\/","title":{"rendered":"Oslo &#8211; City of Peace"},"content":{"rendered":"<div data-elementor-type=\"wp-page\" data-elementor-id=\"2318\" class=\"elementor elementor-2318\" data-elementor-post-type=\"page\">\n\t\t\t\t\t\t<section class=\"has_eae_slider elementor-section elementor-top-section elementor-element elementor-element-d0190c8 elementor-section-boxed elementor-section-height-default elementor-section-height-default\" data-eae-slider=\"35069\" data-id=\"d0190c8\" data-element_type=\"section\" data-e-type=\"section\" data-settings=\"{&quot;background_background&quot;:&quot;classic&quot;}\">\n\t\t\t\t\t\t\t<div class=\"elementor-background-overlay\"><\/div>\n\t\t\t\t\t\t\t<div class=\"elementor-container elementor-column-gap-no\">\n\t\t\t\t\t<div class=\"has_eae_slider elementor-column elementor-col-100 elementor-top-column elementor-element elementor-element-aaa7b52\" data-eae-slider=\"5329\" data-id=\"aaa7b52\" data-element_type=\"column\" data-e-type=\"column\">\n\t\t\t<div class=\"elementor-widget-wrap elementor-element-populated\">\n\t\t\t\t\t\t<section class=\"has_eae_slider elementor-section elementor-inner-section elementor-element elementor-element-f6aee11 elementor-section-boxed elementor-section-height-default elementor-section-height-default\" data-eae-slider=\"3097\" data-id=\"f6aee11\" data-element_type=\"section\" data-e-type=\"section\">\n\t\t\t\t\t\t<div class=\"elementor-container elementor-column-gap-no\">\n\t\t\t\t\t<div class=\"has_eae_slider elementor-column elementor-col-100 elementor-inner-column elementor-element elementor-element-2c5c32e\" data-eae-slider=\"47460\" data-id=\"2c5c32e\" data-element_type=\"column\" data-e-type=\"column\">\n\t\t\t<div class=\"elementor-widget-wrap elementor-element-populated\">\n\t\t\t\t\t\t<div class=\"elementor-element elementor-element-dab2737 elementor-icon-list--layout-inline elementor-widget__width-auto elementor-list-item-link-full_width elementor-widget elementor-widget-icon-list\" data-id=\"dab2737\" data-element_type=\"widget\" data-e-type=\"widget\" data-widget_type=\"icon-list.default\">\n\t\t\t\t<div class=\"elementor-widget-container\">\n\t\t\t\t\t\t\t<ul class=\"elementor-icon-list-items elementor-inline-items\">\n\t\t\t\t\t\t\t<li class=\"elementor-icon-list-item elementor-inline-item\">\n\t\t\t\t\t\t\t\t\t\t\t<span class=\"elementor-icon-list-icon\">\n\t\t\t\t\t\t\t<i aria-hidden=\"true\" class=\"far fa-calendar-alt\"><\/i>\t\t\t\t\t\t<\/span>\n\t\t\t\t\t\t\t\t\t\t<span class=\"elementor-icon-list-text\">7, 8, 11 y 12 de diciembre<\/span>\n\t\t\t\t\t\t\t\t\t<\/li>\n\t\t\t\t\t\t\t\t<li class=\"elementor-icon-list-item elementor-inline-item\">\n\t\t\t\t\t\t\t\t\t\t\t<span class=\"elementor-icon-list-icon\">\n\t\t\t\t\t\t\t<i aria-hidden=\"true\" class=\"fas fa-clock\"><\/i>\t\t\t\t\t\t<\/span>\n\t\t\t\t\t\t\t\t\t\t<span class=\"elementor-icon-list-text\">11:00<\/span>\n\t\t\t\t\t\t\t\t\t<\/li>\n\t\t\t\t\t\t<\/ul>\n\t\t\t\t\t\t<\/div>\n\t\t\t\t<\/div>\n\t\t\t\t<div class=\"elementor-element elementor-element-2b4050f elementor-widget elementor-widget-heading\" data-id=\"2b4050f\" data-element_type=\"widget\" data-e-type=\"widget\" data-widget_type=\"heading.default\">\n\t\t\t\t<div class=\"elementor-widget-container\">\n\t\t\t\t\t<h2 class=\"elementor-heading-title elementor-size-default\">Oslo \u2013 La Ciudad de la Paz: pasado, presente y futuro<\/h2>\t\t\t\t<\/div>\n\t\t\t\t<\/div>\n\t\t\t\t<div class=\"elementor-element elementor-element-d3440b0 elementor-widget elementor-widget-text-editor\" data-id=\"d3440b0\" data-element_type=\"widget\" data-e-type=\"widget\" data-widget_type=\"text-editor.default\">\n\t\t\t\t<div class=\"elementor-widget-container\">\n\t\t\t\t\t\t\t\t\t<p>\u00danete a un recorrido por el coraz\u00f3n de Oslo: una ciudad moldeada por la paz, la resiliencia y la capacidad de reconstruirse.<br data-start=\"453\" data-end=\"456\" \/>Desde majestuosos monumentos hasta historias ocultas bajo tierra, exploramos c\u00f3mo la capital de Noruega se convirti\u00f3 en un s\u00edmbolo vivo de paz y libertad.<\/p>\t\t\t\t\t\t\t\t<\/div>\n\t\t\t\t<\/div>\n\t\t\t\t\t<\/div>\n\t\t<\/div>\n\t\t\t\t\t<\/div>\n\t\t<\/section>\n\t\t\t\t\t<\/div>\n\t\t<\/div>\n\t\t\t\t\t<\/div>\n\t\t<\/section>\n\t\t\t\t<section class=\"has_eae_slider elementor-section elementor-top-section elementor-element elementor-element-cfe7822 elementor-section-content-middle elementor-section-boxed elementor-section-height-default elementor-section-height-default\" data-eae-slider=\"83340\" data-id=\"cfe7822\" data-element_type=\"section\" data-e-type=\"section\">\n\t\t\t\t\t\t<div class=\"elementor-container elementor-column-gap-no\">\n\t\t\t\t\t<div class=\"has_eae_slider elementor-column elementor-col-50 elementor-top-column elementor-element elementor-element-ea2a5f5\" data-eae-slider=\"73274\" data-id=\"ea2a5f5\" data-element_type=\"column\" data-e-type=\"column\">\n\t\t\t<div class=\"elementor-widget-wrap elementor-element-populated\">\n\t\t\t\t\t\t<div class=\"elementor-element elementor-element-030bba4 elementor-widget elementor-widget-heading\" data-id=\"030bba4\" data-element_type=\"widget\" data-e-type=\"widget\" data-widget_type=\"heading.default\">\n\t\t\t\t<div class=\"elementor-widget-container\">\n\t\t\t\t\t<h2 class=\"elementor-heading-title elementor-size-default\">Oslo \u2013 La Ciudad de la Paz: pasado, presente y futuro<\/h2>\t\t\t\t<\/div>\n\t\t\t\t<\/div>\n\t\t\t\t<div class=\"elementor-element elementor-element-98a0dee elementor-widget elementor-widget-text-editor\" data-id=\"98a0dee\" data-element_type=\"widget\" data-e-type=\"widget\" data-widget_type=\"text-editor.default\">\n\t\t\t\t<div class=\"elementor-widget-container\">\n\t\t\t\t\t\t\t\t\t<p data-start=\"597\" data-end=\"898\">Comenzamos entre los dos leones en Eidsvolls plass, frente al Parlamento noruego, donde tom\u00f3 forma el viaje democr\u00e1tico de Noruega.<br data-start=\"709\" data-end=\"712\" \/>A lo largo de Karl Johans gate seguimos las huellas de la historia: desde la Universidad de Oslo, donde se entregaron los primeros Premios Nobel de la Paz, hasta el Palacio Real, donde se unen la tradici\u00f3n y la diplomacia.<\/p><p data-start=\"900\" data-end=\"1261\">Uno de los puntos destacados del recorrido:<br data-start=\"926\" data-end=\"929\" \/>\u2728 \u00a1Acceso exclusivo a un b\u00fanker de la Segunda Guerra Mundial! \u2728<br data-start=\"991\" data-end=\"994\" \/>Oculto bajo la ciudad se encuentra un refugio que cuenta una poderosa historia de valent\u00eda, miedo y esperanza.<br data-start=\"1088\" data-end=\"1091\" \/>El b\u00fanker normalmente est\u00e1 cerrado al p\u00fablico, pero se abre especialmente para este recorrido: una experiencia \u00fanica que conecta la historia b\u00e9lica de Oslo con el papel de Noruega como naci\u00f3n de paz en la actualidad.<\/p><p data-start=\"1263\" data-end=\"1619\">De vuelta a la superficie, paseamos por Victoria Terrasse, un lugar que durante la guerra fue utilizado por la Gestapo, pero que hoy alberga el Ministerio de Asuntos Exteriores: un poderoso s\u00edmbolo de transformaci\u00f3n.<br data-start=\"1452\" data-end=\"1455\" \/>El recorrido concluye entre los monumentos dedicados a los reyes Haakon VII y Olav V, antes de finalizar en el Centro Nobel de la Paz, donde las historias de la paz siguen vivas.<\/p><blockquote data-start=\"1621\" data-end=\"1802\"><p data-start=\"1623\" data-end=\"1802\">\u00abLa paz no significa solo poner fin a la violencia o a la guerra, sino tambi\u00e9n a todos los factores que amenazan la paz, como la discriminaci\u00f3n, la desigualdad y la pobreza.\u00bb<br data-start=\"1753\" data-end=\"1756\" \/>\u2014 Laureado con el Premio Nobel de la Paz <em data-start=\"1783\" data-end=\"1802\">Kailash Satyarthi<\/em><\/p><\/blockquote>\t\t\t\t\t\t\t\t<\/div>\n\t\t\t\t<\/div>\n\t\t\t\t<div class=\"elementor-element elementor-element-3a545f4 elementor-widget elementor-widget-heading\" data-id=\"3a545f4\" data-element_type=\"widget\" data-e-type=\"widget\" data-widget_type=\"heading.default\">\n\t\t\t\t<div class=\"elementor-widget-container\">\n\t\t\t\t\t<h3 class=\"elementor-heading-title elementor-size-default\">Informaci\u00f3n pr\u00e1ctica:<\/h3>\t\t\t\t<\/div>\n\t\t\t\t<\/div>\n\t\t\t\t<div class=\"elementor-element elementor-element-0408574 elementor-widget elementor-widget-text-editor\" data-id=\"0408574\" data-element_type=\"widget\" data-e-type=\"widget\" data-widget_type=\"text-editor.default\">\n\t\t\t\t<div class=\"elementor-widget-container\">\n\t\t\t\t\t\t\t\t\t<ul style=\"font-weight: 400;\"><li data-start=\"1838\" data-end=\"1860\"><p data-start=\"1840\" data-end=\"1860\">Se recomienda llevar calzado c\u00f3modo<\/p><\/li><li data-start=\"1861\" data-end=\"1914\"><p data-start=\"1863\" data-end=\"1914\">El recorrido incluye paradas tanto al aire libre como en interiores<\/p><\/li><li data-start=\"1915\" data-end=\"1990\"><p data-start=\"1917\" data-end=\"1990\">Visita opcional al Centro Nobel de la Paz despu\u00e9s del recorrido (entrada no incluida)<\/p><\/li><li data-start=\"1991\" data-end=\"2053\"><p data-start=\"1993\" data-end=\"2053\">Plazas limitadas \u2013 <a href=\"https:\/\/checkout.ebillett.no\/487\/events\/culture?ordre_nr=12\"><strong data-start=\"2020\" data-end=\"2051\">reserva con antelaci\u00f3n a trav\u00e9s de eBillett<\/strong><\/a><\/p><\/li><li data-start=\"2054\" data-end=\"2116\"><p data-start=\"2056\" data-end=\"2116\">Tambi\u00e9n disponible como visita privada \u2013 <a href=\"https:\/\/osloguide.no\/es\/contactenos\/\">utiliza nuestro formulario de contacto<\/a><\/p><\/li><li>El recorrido es en ingl\u00e9s<\/li><\/ul>\t\t\t\t\t\t\t\t<\/div>\n\t\t\t\t<\/div>\n\t\t\t\t<div class=\"elementor-element elementor-element-3852640 elementor-widget elementor-widget-jkit_button\" data-id=\"3852640\" data-element_type=\"widget\" data-e-type=\"widget\" data-widget_type=\"jkit_button.default\">\n\t\t\t\t<div class=\"elementor-widget-container\">\n\t\t\t\t\t<div  class=\"jeg-elementor-kit jkit-button  icon-position-after jeg_module___69ee55d13bf5e\" ><a href=\"https:\/\/checkout.ebillett.no\/487\/events\/culture?ordre_nr=12\" class=\"jkit-button-wrapper\">Reservar<i class=\"icon-colored jki jki-right-arrow1-light\" aria-hidden=\"true\"><\/i><\/a><\/div>\t\t\t\t<\/div>\n\t\t\t\t<\/div>\n\t\t\t\t\t<\/div>\n\t\t<\/div>\n\t\t\t\t<div class=\"has_eae_slider elementor-column elementor-col-50 elementor-top-column elementor-element elementor-element-cb654de\" data-eae-slider=\"94753\" data-id=\"cb654de\" data-element_type=\"column\" data-e-type=\"column\">\n\t\t\t<div class=\"elementor-widget-wrap elementor-element-populated\">\n\t\t\t\t\t\t<section class=\"has_eae_slider elementor-section elementor-inner-section elementor-element elementor-element-baf6f89 elementor-section-boxed elementor-section-height-default elementor-section-height-default\" data-eae-slider=\"67353\" data-id=\"baf6f89\" data-element_type=\"section\" data-e-type=\"section\">\n\t\t\t\t\t\t<div class=\"elementor-container elementor-column-gap-default\">\n\t\t\t\t\t<div class=\"has_eae_slider elementor-column elementor-col-100 elementor-inner-column elementor-element elementor-element-4f303c7\" data-eae-slider=\"81910\" data-id=\"4f303c7\" data-element_type=\"column\" data-e-type=\"column\">\n\t\t\t<div class=\"elementor-widget-wrap elementor-element-populated\">\n\t\t\t\t\t\t<div class=\"elementor-element elementor-element-6877e73 elementor-widget elementor-widget-heading\" data-id=\"6877e73\" data-element_type=\"widget\" data-e-type=\"widget\" data-widget_type=\"heading.default\">\n\t\t\t\t<div class=\"elementor-widget-container\">\n\t\t\t\t\t<h3 class=\"elementor-heading-title elementor-size-default\">Punto de encuentro<\/h3>\t\t\t\t<\/div>\n\t\t\t\t<\/div>\n\t\t\t\t<div class=\"elementor-element elementor-element-b1ef232 elementor-widget elementor-widget-text-editor\" data-id=\"b1ef232\" data-element_type=\"widget\" data-e-type=\"widget\" data-widget_type=\"text-editor.default\">\n\t\t\t\t<div class=\"elementor-widget-container\">\n\t\t\t\t\t\t\t\t\t<p><strong>Entre los dos leones en Eidsvolls plass <a href=\"https:\/\/maps.app.goo.gl\/Yhs9z9KmR2HAQEhC7\">(frente al Parlamento noruego)<\/a><\/strong><\/p>\t\t\t\t\t\t\t\t<\/div>\n\t\t\t\t<\/div>\n\t\t\t\t<div class=\"elementor-element elementor-element-280503e elementor-widget elementor-widget-heading\" data-id=\"280503e\" data-element_type=\"widget\" data-e-type=\"widget\" data-widget_type=\"heading.default\">\n\t\t\t\t<div class=\"elementor-widget-container\">\n\t\t\t\t\t<h3 class=\"elementor-heading-title elementor-size-default\">Salida<\/h3>\t\t\t\t<\/div>\n\t\t\t\t<\/div>\n\t\t\t\t<div class=\"elementor-element elementor-element-f71900d elementor-widget elementor-widget-text-editor\" data-id=\"f71900d\" data-element_type=\"widget\" data-e-type=\"widget\" data-widget_type=\"text-editor.default\">\n\t\t\t\t<div class=\"elementor-widget-container\">\n\t\t\t\t\t\t\t\t\t<p>Domingo 7 de diciembre a las 11:00<br data-start=\"2239\" data-end=\"2242\" \/>Lunes 8 de diciembre a las 11:00<br data-start=\"2270\" data-end=\"2273\" \/>Jueves 11 de diciembre a las 11:00<br data-start=\"2303\" data-end=\"2306\" \/>Viernes 12 de diciembre a las 11:00<\/p>\t\t\t\t\t\t\t\t<\/div>\n\t\t\t\t<\/div>\n\t\t\t\t<div class=\"elementor-element elementor-element-353dd8c elementor-widget elementor-widget-heading\" data-id=\"353dd8c\" data-element_type=\"widget\" data-e-type=\"widget\" data-widget_type=\"heading.default\">\n\t\t\t\t<div class=\"elementor-widget-container\">\n\t\t\t\t\t<h3 class=\"elementor-heading-title elementor-size-default\">Punto final del tour<\/h3>\t\t\t\t<\/div>\n\t\t\t\t<\/div>\n\t\t\t\t<div class=\"elementor-element elementor-element-fe95f94 elementor-widget elementor-widget-text-editor\" data-id=\"fe95f94\" data-element_type=\"widget\" data-e-type=\"widget\" data-widget_type=\"text-editor.default\">\n\t\t\t\t<div class=\"elementor-widget-container\">\n\t\t\t\t\t\t\t\t\t<p>Centro Nobel de la Paz<\/p>\t\t\t\t\t\t\t\t<\/div>\n\t\t\t\t<\/div>\n\t\t\t\t<div class=\"elementor-element elementor-element-312a3ff elementor-widget elementor-widget-heading\" data-id=\"312a3ff\" data-element_type=\"widget\" data-e-type=\"widget\" data-widget_type=\"heading.default\">\n\t\t\t\t<div class=\"elementor-widget-container\">\n\t\t\t\t\t<h3 class=\"elementor-heading-title elementor-size-default\">Duraci\u00f3n<\/h3>\t\t\t\t<\/div>\n\t\t\t\t<\/div>\n\t\t\t\t<div class=\"elementor-element elementor-element-8e12408 elementor-widget elementor-widget-text-editor\" data-id=\"8e12408\" data-element_type=\"widget\" data-e-type=\"widget\" data-widget_type=\"text-editor.default\">\n\t\t\t\t<div class=\"elementor-widget-container\">\n\t\t\t\t\t\t\t\t\t<p>Aprox. 3 horas<\/p>\t\t\t\t\t\t\t\t<\/div>\n\t\t\t\t<\/div>\n\t\t\t\t<div class=\"elementor-element elementor-element-d32100d elementor-widget elementor-widget-heading\" data-id=\"d32100d\" data-element_type=\"widget\" data-e-type=\"widget\" data-widget_type=\"heading.default\">\n\t\t\t\t<div class=\"elementor-widget-container\">\n\t\t\t\t\t<h3 class=\"elementor-heading-title elementor-size-default\">Precio<\/h3>\t\t\t\t<\/div>\n\t\t\t\t<\/div>\n\t\t\t\t<div class=\"elementor-element elementor-element-17f4729 elementor-widget elementor-widget-text-editor\" data-id=\"17f4729\" data-element_type=\"widget\" data-e-type=\"widget\" data-widget_type=\"text-editor.default\">\n\t\t\t\t<div class=\"elementor-widget-container\">\n\t\t\t\t\t\t\t\t\t<p>300 NOK para adultos \/ 150 NOK para ni\u00f1os<\/p><p data-start=\"2339\" data-end=\"2497\"><strong data-start=\"2451\" data-end=\"2497\">Incluido con la Oslo Pass \u2013 <a href=\"https:\/\/checkout.ebillett.no\/487\/events\/culture?ordre_nr=12\">reserva tu plaza aqu\u00ed<\/a><\/strong><\/p>\t\t\t\t\t\t\t\t<\/div>\n\t\t\t\t<\/div>\n\t\t\t\t\t<\/div>\n\t\t<\/div>\n\t\t\t\t\t<\/div>\n\t\t<\/section>\n\t\t\t\t\t<\/div>\n\t\t<\/div>\n\t\t\t\t\t<\/div>\n\t\t<\/section>\n\t\t\t\t<section class=\"has_eae_slider elementor-section elementor-top-section elementor-element elementor-element-f21bb6f elementor-section-full_width elementor-section-height-default elementor-section-height-default\" data-eae-slider=\"16887\" data-id=\"f21bb6f\" data-element_type=\"section\" data-e-type=\"section\">\n\t\t\t\t\t\t<div class=\"elementor-container elementor-column-gap-no\">\n\t\t\t\t\t<div class=\"has_eae_slider elementor-column elementor-col-100 elementor-top-column elementor-element elementor-element-64b74e1\" data-eae-slider=\"39350\" data-id=\"64b74e1\" data-element_type=\"column\" data-e-type=\"column\">\n\t\t\t<div class=\"elementor-widget-wrap elementor-element-populated\">\n\t\t\t\t\t\t<div class=\"elementor-element elementor-element-abe17e7 elementor-widget elementor-widget-gallery\" data-id=\"abe17e7\" data-element_type=\"widget\" data-e-type=\"widget\" data-settings=\"{&quot;gap&quot;:{&quot;unit&quot;:&quot;px&quot;,&quot;size&quot;:0,&quot;sizes&quot;:[]},&quot;lazyload&quot;:&quot;yes&quot;,&quot;gallery_layout&quot;:&quot;grid&quot;,&quot;columns&quot;:4,&quot;columns_tablet&quot;:2,&quot;columns_mobile&quot;:1,&quot;gap_tablet&quot;:{&quot;unit&quot;:&quot;px&quot;,&quot;size&quot;:10,&quot;sizes&quot;:[]},&quot;gap_mobile&quot;:{&quot;unit&quot;:&quot;px&quot;,&quot;size&quot;:10,&quot;sizes&quot;:[]},&quot;link_to&quot;:&quot;file&quot;,&quot;aspect_ratio&quot;:&quot;3:2&quot;,&quot;overlay_background&quot;:&quot;yes&quot;,&quot;content_hover_animation&quot;:&quot;fade-in&quot;}\" data-widget_type=\"gallery.default\">\n\t\t\t\t<div class=\"elementor-widget-container\">\n\t\t\t\t\t\t\t<div class=\"elementor-gallery__container\">\n\t\t\t\t\t\t\t<a class=\"e-gallery-item elementor-gallery-item elementor-animated-content\" href=\"https:\/\/osloguide.no\/wp-content\/uploads\/2025\/10\/nobel-peace-center-oslo.jpg\" data-elementor-open-lightbox=\"yes\" data-elementor-lightbox-slideshow=\"abe17e7\" data-elementor-lightbox-title=\"Nobel Peace Center, Oslo\" data-e-action-hash=\"#elementor-action%3Aaction%3Dlightbox%26settings%3DeyJpZCI6MjMyMSwidXJsIjoiaHR0cHM6XC9cL29zbG9ndWlkZS5ub1wvd3AtY29udGVudFwvdXBsb2Fkc1wvMjAyNVwvMTBcL25vYmVsLXBlYWNlLWNlbnRlci1vc2xvLmpwZyIsInNsaWRlc2hvdyI6ImFiZTE3ZTcifQ%3D%3D\">\n\t\t\t\t\t<div class=\"e-gallery-image elementor-gallery-item__image\" data-thumbnail=\"https:\/\/osloguide.no\/wp-content\/uploads\/2025\/10\/nobel-peace-center-oslo.jpg\" data-width=\"480\" data-height=\"640\" aria-label=\"Front view of the Nobel Peace Center in Oslo, the final stop on the \u201cCity of Peace\u201d tour\" role=\"img\" ><\/div>\n\t\t\t\t\t\t\t\t\t\t\t<div class=\"elementor-gallery-item__overlay\"><\/div>\n\t\t\t\t\t\t\t\t\t\t\t\t\t\t<\/a>\n\t\t\t\t\t\t\t<a class=\"e-gallery-item elementor-gallery-item elementor-animated-content\" href=\"https:\/\/osloguide.no\/wp-content\/uploads\/2025\/10\/wwii-bunker-oslo-handelsgymnasium.jpg\" data-elementor-open-lightbox=\"yes\" data-elementor-lightbox-slideshow=\"abe17e7\" data-elementor-lightbox-title=\"Entrance to WWII bunker under Oslo Handelsgymnasium\" data-e-action-hash=\"#elementor-action%3Aaction%3Dlightbox%26settings%3DeyJpZCI6MjMyNCwidXJsIjoiaHR0cHM6XC9cL29zbG9ndWlkZS5ub1wvd3AtY29udGVudFwvdXBsb2Fkc1wvMjAyNVwvMTBcL3d3aWktYnVua2VyLW9zbG8taGFuZGVsc2d5bW5hc2l1bS5qcGciLCJzbGlkZXNob3ciOiJhYmUxN2U3In0%3D\">\n\t\t\t\t\t<div class=\"e-gallery-image elementor-gallery-item__image\" data-thumbnail=\"https:\/\/osloguide.no\/wp-content\/uploads\/2025\/10\/wwii-bunker-oslo-handelsgymnasium.jpg\" data-width=\"480\" data-height=\"640\" aria-label=\"Guide at the entrance to a WWII bunker beneath Oslo Handelsgymnasium, featured on the City of Peace tour\" role=\"img\" ><\/div>\n\t\t\t\t\t\t\t\t\t\t\t<div class=\"elementor-gallery-item__overlay\"><\/div>\n\t\t\t\t\t\t\t\t\t\t\t\t\t\t<\/a>\n\t\t\t\t\t\t\t<a class=\"e-gallery-item elementor-gallery-item elementor-animated-content\" href=\"https:\/\/osloguide.no\/wp-content\/uploads\/2025\/10\/oslo-city-hall-nobel-peace-prize-rotated.jpeg\" data-elementor-open-lightbox=\"yes\" data-elementor-lightbox-slideshow=\"abe17e7\" data-elementor-lightbox-title=\"Oslo City Hall, home of the Nobel Peace Prize ceremony\" data-e-action-hash=\"#elementor-action%3Aaction%3Dlightbox%26settings%3DeyJpZCI6MjMyMiwidXJsIjoiaHR0cHM6XC9cL29zbG9ndWlkZS5ub1wvd3AtY29udGVudFwvdXBsb2Fkc1wvMjAyNVwvMTBcL29zbG8tY2l0eS1oYWxsLW5vYmVsLXBlYWNlLXByaXplLXJvdGF0ZWQuanBlZyIsInNsaWRlc2hvdyI6ImFiZTE3ZTcifQ%3D%3D\">\n\t\t\t\t\t<div class=\"e-gallery-image elementor-gallery-item__image\" data-thumbnail=\"https:\/\/osloguide.no\/wp-content\/uploads\/2025\/10\/oslo-city-hall-nobel-peace-prize-rotated.jpeg\" data-width=\"480\" data-height=\"640\" aria-label=\"Oslo City Hall with fountain and sculptures, where the Nobel Peace Prize is awarded each year\" role=\"img\" ><\/div>\n\t\t\t\t\t\t\t\t\t\t\t<div class=\"elementor-gallery-item__overlay\"><\/div>\n\t\t\t\t\t\t\t\t\t\t\t\t\t\t<\/a>\n\t\t\t\t\t\t\t<a class=\"e-gallery-item elementor-gallery-item elementor-animated-content\" href=\"https:\/\/osloguide.no\/wp-content\/uploads\/2025\/10\/norwegian-parliament-eidsvolls-plass-oslo.jpg\" data-elementor-open-lightbox=\"yes\" data-elementor-lightbox-slideshow=\"abe17e7\" data-elementor-lightbox-title=\"The Norwegian Parliament (Stortinget), Oslo\" data-e-action-hash=\"#elementor-action%3Aaction%3Dlightbox%26settings%3DeyJpZCI6MjMyMCwidXJsIjoiaHR0cHM6XC9cL29zbG9ndWlkZS5ub1wvd3AtY29udGVudFwvdXBsb2Fkc1wvMjAyNVwvMTBcL25vcndlZ2lhbi1wYXJsaWFtZW50LWVpZHN2b2xscy1wbGFzcy1vc2xvLmpwZyIsInNsaWRlc2hvdyI6ImFiZTE3ZTcifQ%3D%3D\">\n\t\t\t\t\t<div class=\"e-gallery-image elementor-gallery-item__image\" data-thumbnail=\"https:\/\/osloguide.no\/wp-content\/uploads\/2025\/10\/norwegian-parliament-eidsvolls-plass-oslo.jpg\" data-width=\"480\" data-height=\"640\" aria-label=\"View of the Norwegian Parliament at Eidsvolls plass, the starting point of the \u201cCity of Peace\u201d walking tour\" role=\"img\" ><\/div>\n\t\t\t\t\t\t\t\t\t\t\t<div class=\"elementor-gallery-item__overlay\"><\/div>\n\t\t\t\t\t\t\t\t\t\t\t\t\t\t<\/a>\n\t\t\t\t\t<\/div>\n\t\t\t\t\t<\/div>\n\t\t\t\t<\/div>\n\t\t\t\t\t<\/div>\n\t\t<\/div>\n\t\t\t\t\t<\/div>\n\t\t<\/section>\n\t\t\t\t<section class=\"has_eae_slider elementor-section elementor-top-section elementor-element elementor-element-e5309bd elementor-section-boxed elementor-section-height-default elementor-section-height-default\" data-eae-slider=\"61152\" data-id=\"e5309bd\" data-element_type=\"section\" data-e-type=\"section\">\n\t\t\t\t\t\t<div class=\"elementor-container elementor-column-gap-default\">\n\t\t\t\t\t<div class=\"has_eae_slider elementor-column elementor-col-100 elementor-top-column elementor-element elementor-element-133eaec\" data-eae-slider=\"9607\" data-id=\"133eaec\" data-element_type=\"column\" data-e-type=\"column\">\n\t\t\t<div class=\"elementor-widget-wrap elementor-element-populated\">\n\t\t\t\t\t\t<section class=\"has_eae_slider elementor-section elementor-inner-section elementor-element elementor-element-7777c79 elementor-section-boxed elementor-section-height-default elementor-section-height-default\" data-eae-slider=\"28347\" data-id=\"7777c79\" data-element_type=\"section\" data-e-type=\"section\">\n\t\t\t\t\t\t<div class=\"elementor-container elementor-column-gap-default\">\n\t\t\t\t\t<div class=\"has_eae_slider elementor-column elementor-col-50 elementor-inner-column elementor-element elementor-element-e7ea04f\" data-eae-slider=\"66328\" data-id=\"e7ea04f\" data-element_type=\"column\" data-e-type=\"column\">\n\t\t\t<div class=\"elementor-widget-wrap\">\n\t\t\t\t\t\t\t<\/div>\n\t\t<\/div>\n\t\t\t\t<div class=\"has_eae_slider elementor-column elementor-col-50 elementor-inner-column elementor-element elementor-element-f1c8d7d\" data-eae-slider=\"66863\" data-id=\"f1c8d7d\" data-element_type=\"column\" data-e-type=\"column\">\n\t\t\t<div class=\"elementor-widget-wrap\">\n\t\t\t\t\t\t\t<\/div>\n\t\t<\/div>\n\t\t\t\t\t<\/div>\n\t\t<\/section>\n\t\t\t\t\t<\/div>\n\t\t<\/div>\n\t\t\t\t\t<\/div>\n\t\t<\/section>\n\t\t\t\t<\/div>","protected":false},"excerpt":{"rendered":"<p>7., 8., 11. og 12. desember 11:00 Oslo \u2013 Fredsbyen: fortid, n\u00e5tid og framtid Bli med p\u00e5 en vandring gjennom hjertet av Oslo \u2013 en by formet av fred, motstandskraft og evnen til \u00e5 bygge opp igjen.Fra storsl\u00e5tte monumenter til skjulte historier under bakken utforsker vi hvordan Norges hovedstad ble et levende symbol p\u00e5 fred [&hellip;]<\/p>\n","protected":false},"author":4,"featured_media":1170,"parent":15,"menu_order":0,"comment_status":"closed","ping_status":"closed","template":"elementor_header_footer","meta":{"footnotes":""},"class_list":["post-2318","page","type-page","status-publish","has-post-thumbnail","hentry"],"yoast_head":"<!-- This site is optimized with the Yoast SEO plugin v27.4 - https:\/\/yoast.com\/product\/yoast-seo-wordpress\/ -->\n<title>Oslo - City of Peace- Past, Present and Future<\/title>\n<meta name=\"description\" content=\"Bli med p\u00e5 en guidet vandring gjennom Slottsparken og Dronningparken i Oslo. Hver fredag i sommer \u2013 l\u00e6r om kongehuset og norsk historie.\" \/>\n<meta name=\"robots\" content=\"index, follow, max-snippet:-1, max-image-preview:large, max-video-preview:-1\" \/>\n<link rel=\"canonical\" href=\"https:\/\/osloguide.no\/es\/tours-regulares\/city-of-peace\/\" \/>\n<meta property=\"og:locale\" content=\"es_ES\" \/>\n<meta property=\"og:type\" content=\"article\" \/>\n<meta property=\"og:title\" content=\"Oslo - City of Peace- Past, Present and Future\" \/>\n<meta property=\"og:description\" content=\"Bli med p\u00e5 en guidet vandring gjennom Slottsparken og Dronningparken i Oslo. Hver fredag i sommer \u2013 l\u00e6r om kongehuset og norsk historie.\" \/>\n<meta property=\"og:url\" content=\"https:\/\/osloguide.no\/es\/tours-regulares\/city-of-peace\/\" \/>\n<meta property=\"og:site_name\" content=\"Oslo Guidebureau\" \/>\n<meta property=\"article:publisher\" content=\"https:\/\/www.facebook.com\/osloguide\" \/>\n<meta property=\"article:modified_time\" content=\"2025-10-29T08:42:59+00:00\" \/>\n<meta property=\"og:image\" content=\"https:\/\/osloguide.no\/wp-content\/uploads\/2024\/04\/opengraph_osloguide.png\" \/>\n\t<meta property=\"og:image:width\" content=\"1200\" \/>\n\t<meta property=\"og:image:height\" content=\"630\" \/>\n\t<meta property=\"og:image:type\" content=\"image\/png\" \/>\n<meta name=\"twitter:card\" content=\"summary_large_image\" \/>\n<meta name=\"twitter:label1\" content=\"Tiempo de lectura\" \/>\n\t<meta name=\"twitter:data1\" content=\"2 minutos\" \/>\n<script type=\"application\/ld+json\" class=\"yoast-schema-graph\">{\"@context\":\"https:\\\/\\\/schema.org\",\"@graph\":[{\"@type\":\"WebPage\",\"@id\":\"https:\\\/\\\/osloguide.no\\\/byvandring\\\/city-of-peace\\\/\",\"url\":\"https:\\\/\\\/osloguide.no\\\/byvandring\\\/city-of-peace\\\/\",\"name\":\"Oslo - City of Peace- Past, Present and Future\",\"isPartOf\":{\"@id\":\"https:\\\/\\\/osloguide.no\\\/#website\"},\"primaryImageOfPage\":{\"@id\":\"https:\\\/\\\/osloguide.no\\\/byvandring\\\/city-of-peace\\\/#primaryimage\"},\"image\":{\"@id\":\"https:\\\/\\\/osloguide.no\\\/byvandring\\\/city-of-peace\\\/#primaryimage\"},\"thumbnailUrl\":\"https:\\\/\\\/osloguide.no\\\/wp-content\\\/uploads\\\/2024\\\/04\\\/opengraph_osloguide.png\",\"datePublished\":\"2025-10-21T13:18:56+00:00\",\"dateModified\":\"2025-10-29T08:42:59+00:00\",\"description\":\"Bli med p\u00e5 en guidet vandring gjennom Slottsparken og Dronningparken i Oslo. Hver fredag i sommer \u2013 l\u00e6r om kongehuset og norsk historie.\",\"breadcrumb\":{\"@id\":\"https:\\\/\\\/osloguide.no\\\/byvandring\\\/city-of-peace\\\/#breadcrumb\"},\"inLanguage\":\"es\",\"potentialAction\":[{\"@type\":\"ReadAction\",\"target\":[\"https:\\\/\\\/osloguide.no\\\/byvandring\\\/city-of-peace\\\/\"]}]},{\"@type\":\"ImageObject\",\"inLanguage\":\"es\",\"@id\":\"https:\\\/\\\/osloguide.no\\\/byvandring\\\/city-of-peace\\\/#primaryimage\",\"url\":\"https:\\\/\\\/osloguide.no\\\/wp-content\\\/uploads\\\/2024\\\/04\\\/opengraph_osloguide.png\",\"contentUrl\":\"https:\\\/\\\/osloguide.no\\\/wp-content\\\/uploads\\\/2024\\\/04\\\/opengraph_osloguide.png\",\"width\":1200,\"height\":630},{\"@type\":\"BreadcrumbList\",\"@id\":\"https:\\\/\\\/osloguide.no\\\/byvandring\\\/city-of-peace\\\/#breadcrumb\",\"itemListElement\":[{\"@type\":\"ListItem\",\"position\":1,\"name\":\"Hjem\",\"item\":\"https:\\\/\\\/osloguide.no\\\/\"},{\"@type\":\"ListItem\",\"position\":2,\"name\":\"Byvandring\",\"item\":\"https:\\\/\\\/osloguide.no\\\/byvandring\\\/\"},{\"@type\":\"ListItem\",\"position\":3,\"name\":\"Oslo &#8211; City of Peace\"}]},{\"@type\":\"WebSite\",\"@id\":\"https:\\\/\\\/osloguide.no\\\/#website\",\"url\":\"https:\\\/\\\/osloguide.no\\\/\",\"name\":\"Oslo Guidebureau\",\"description\":\"Over 25 \u00e5rs erfaring med guiding i Oslo\",\"potentialAction\":[{\"@type\":\"SearchAction\",\"target\":{\"@type\":\"EntryPoint\",\"urlTemplate\":\"https:\\\/\\\/osloguide.no\\\/?s={search_term_string}\"},\"query-input\":{\"@type\":\"PropertyValueSpecification\",\"valueRequired\":true,\"valueName\":\"search_term_string\"}}],\"inLanguage\":\"es\"}]}<\/script>\n<!-- \/ Yoast SEO plugin. -->","yoast_head_json":{"title":"Oslo - City of Peace- Past, Present and Future","description":"\u00danete a una visita guiada por el Parque del Palacio y el Parque de la Reina en Oslo. Todos los viernes de verano \u2013 descubre la historia de la familia real y de Noruega.","robots":{"index":"index","follow":"follow","max-snippet":"max-snippet:-1","max-image-preview":"max-image-preview:large","max-video-preview":"max-video-preview:-1"},"canonical":"https:\/\/osloguide.no\/es\/tours-regulares\/city-of-peace\/","og_locale":"es_ES","og_type":"article","og_title":"Oslo - City of Peace- Past, Present and Future","og_description":"Bli med p\u00e5 en guidet vandring gjennom Slottsparken og Dronningparken i Oslo. Hver fredag i sommer \u2013 l\u00e6r om kongehuset og norsk historie.","og_url":"https:\/\/osloguide.no\/es\/tours-regulares\/city-of-peace\/","og_site_name":"Oslo Guidebureau","article_publisher":"https:\/\/www.facebook.com\/osloguide","article_modified_time":"2025-10-29T08:42:59+00:00","og_image":[{"width":1200,"height":630,"url":"https:\/\/osloguide.no\/wp-content\/uploads\/2024\/04\/opengraph_osloguide.png","type":"image\/png"}],"twitter_card":"summary_large_image","twitter_misc":{"Tiempo de lectura":"2 minutos"},"schema":{"@context":"https:\/\/schema.org","@graph":[{"@type":"WebPage","@id":"https:\/\/osloguide.no\/byvandring\/city-of-peace\/","url":"https:\/\/osloguide.no\/byvandring\/city-of-peace\/","name":"Oslo - City of Peace- Past, Present and Future","isPartOf":{"@id":"https:\/\/osloguide.no\/#website"},"primaryImageOfPage":{"@id":"https:\/\/osloguide.no\/byvandring\/city-of-peace\/#primaryimage"},"image":{"@id":"https:\/\/osloguide.no\/byvandring\/city-of-peace\/#primaryimage"},"thumbnailUrl":"https:\/\/osloguide.no\/wp-content\/uploads\/2024\/04\/opengraph_osloguide.png","datePublished":"2025-10-21T13:18:56+00:00","dateModified":"2025-10-29T08:42:59+00:00","description":"\u00danete a una visita guiada por el Parque del Palacio y el Parque de la Reina en Oslo. Todos los viernes de verano \u2013 descubre la historia de la familia real y de Noruega.","breadcrumb":{"@id":"https:\/\/osloguide.no\/byvandring\/city-of-peace\/#breadcrumb"},"inLanguage":"es","potentialAction":[{"@type":"ReadAction","target":["https:\/\/osloguide.no\/byvandring\/city-of-peace\/"]}]},{"@type":"ImageObject","inLanguage":"es","@id":"https:\/\/osloguide.no\/byvandring\/city-of-peace\/#primaryimage","url":"https:\/\/osloguide.no\/wp-content\/uploads\/2024\/04\/opengraph_osloguide.png","contentUrl":"https:\/\/osloguide.no\/wp-content\/uploads\/2024\/04\/opengraph_osloguide.png","width":1200,"height":630},{"@type":"BreadcrumbList","@id":"https:\/\/osloguide.no\/byvandring\/city-of-peace\/#breadcrumb","itemListElement":[{"@type":"ListItem","position":1,"name":"Hjem","item":"https:\/\/osloguide.no\/"},{"@type":"ListItem","position":2,"name":"Byvandring","item":"https:\/\/osloguide.no\/byvandring\/"},{"@type":"ListItem","position":3,"name":"Oslo &#8211; City of Peace"}]},{"@type":"WebSite","@id":"https:\/\/osloguide.no\/#website","url":"https:\/\/osloguide.no\/","name":"Oslo Guidebureau","description":"Over 25 \u00e5rs erfaring med guiding i Oslo","potentialAction":[{"@type":"SearchAction","target":{"@type":"EntryPoint","urlTemplate":"https:\/\/osloguide.no\/?s={search_term_string}"},"query-input":{"@type":"PropertyValueSpecification","valueRequired":true,"valueName":"search_term_string"}}],"inLanguage":"es"}]}},"_links":{"self":[{"href":"https:\/\/osloguide.no\/es\/wp-json\/wp\/v2\/pages\/2318","targetHints":{"allow":["GET"]}}],"collection":[{"href":"https:\/\/osloguide.no\/es\/wp-json\/wp\/v2\/pages"}],"about":[{"href":"https:\/\/osloguide.no\/es\/wp-json\/wp\/v2\/types\/page"}],"author":[{"embeddable":true,"href":"https:\/\/osloguide.no\/es\/wp-json\/wp\/v2\/users\/4"}],"replies":[{"embeddable":true,"href":"https:\/\/osloguide.no\/es\/wp-json\/wp\/v2\/comments?post=2318"}],"version-history":[{"count":5,"href":"https:\/\/osloguide.no\/es\/wp-json\/wp\/v2\/pages\/2318\/revisions"}],"predecessor-version":[{"id":2553,"href":"https:\/\/osloguide.no\/es\/wp-json\/wp\/v2\/pages\/2318\/revisions\/2553"}],"up":[{"embeddable":true,"href":"https:\/\/osloguide.no\/es\/wp-json\/wp\/v2\/pages\/15"}],"wp:featuredmedia":[{"embeddable":true,"href":"https:\/\/osloguide.no\/es\/wp-json\/wp\/v2\/media\/1170"}],"wp:attachment":[{"href":"https:\/\/osloguide.no\/es\/wp-json\/wp\/v2\/media?parent=2318"}],"curies":[{"name":"wp","href":"https:\/\/api.w.org\/{rel}","templated":true}]}}